{"id":2843,"date":"2024-02-02T18:46:07","date_gmt":"2024-02-02T16:46:07","guid":{"rendered":"http:\/\/www.edu.lediz.lmu.de\/wordpress\/?page_id=2843"},"modified":"2024-02-02T18:46:07","modified_gmt":"2024-02-02T16:46:07","slug":"archive-en","status":"publish","type":"page","link":"http:\/\/www.edu.lediz.lmu.de\/wordpress\/archive-en\/","title":{"rendered":"Archive EN"},"content":{"rendered":"\n<div class=\"wp-block-group alignwide is-layout-flow wp-block-group-is-layout-flow\">\n<div class=\"wp-block-greenshift-blocks-row gspb_row gspb_row-id-gsbp-4c337391-68d2 gspb_row--gutter-custom-0\" id=\"gspb_row-id-gsbp-4c337391-68d2\">\n<div class=\"wp-block-greenshift-blocks-row-column gspb_row__col--12 gspb_row__col--md-12 gspb_row__col--sm-12 gspb_row__col--xs-12 gspb_col-id-gsbp-f7ab2e64-55d5\" id=\"gspb_col-id-gsbp-f7ab2e64-55d5\">\n<div class=\"wp-block-greenshift-blocks-container gspb_container gspb_container-gsbp-93fefa00-d20a\" id=\"gspb_container-id-gsbp-93fefa00-d20a\">\n<div class=\"wp-block-greenshift-blocks-container gspb_container gspb_container-gsbp-c3b4ad0c-f81a\" id=\"gspb_container-id-gsbp-c3b4ad0c-f81a\">\n<div id=\"gspb_text-id-gsbp-afeb4fa3-327a\" class=\"gspb_text gspb_text-id-gsbp-afeb4fa3-327a \"><strong>Aktuelles<\/strong><\/div>\n<\/div>\n<\/div>\n\n\n\n<div class=\"wp-block-greenshift-blocks-container gspb_container gspb_container-gsbp-08640a78-5657\" id=\"gspb_container-id-gsbp-08640a78-5657\">\n<div class=\"wp-block-greenshift-blocks-container gspb_container gspb_container-gsbp-13eb2142-1443\" id=\"gspb_container-id-gsbp-13eb2142-1443\">\n<div id=\"gspb_text-id-gsbp-f68579d9-482f\" class=\"gspb_text gspb_text-id-gsbp-f68579d9-482f \"><strong>Veranstaltungen<\/strong><\/div>\n\n\n\n<div class=\"wp-block-greenshift-blocks-toggler gs-contenttoggler gspb_toggle-id-gsbp-c5b179d7-3c3c\" data-height=\"0px\"><div class=\"gs-toggler-wrapper\" id=\"gs-togglergsbp-c5b179d7-3c3c\" style=\"height:0px\">\n<div class=\"wp-block-greenshift-blocks-container gspb_container gspb_container-gsbp-f395b432-8014\" id=\"gspb_container-id-gsbp-f395b432-8014\">\n<div class=\"wp-block-greenshift-blocks-container gspb_container gspb_container-gsbp-25828cba-8ec4\" id=\"gspb_container-id-gsbp-25828cba-8ec4\">\n<div id=\"gspb_text-id-gsbp-b2d6539a-d15e\" class=\"gspb_text gspb_text-id-gsbp-b2d6539a-d15e \"><strong>Am 21.07.2022: Workshop 1 mit Multiplikator*innen der Bildungsarbeit<\/strong><\/div>\n\n\n\n<div id=\"gspb_text-id-gsbp-83dbc53b-b51a\" class=\"gspb_text gspb_text-id-gsbp-83dbc53b-b51a \">Am 21.07.2022 kamen Mitarbeiter<em>innen des Projektes LediZ, der KZ-Gedenkst\u00e4tte Dachau, des NS-Dokumentationszentrums M\u00fcnchen und Lehrkr\u00e4fte in einem ersten partizipativen Workshop zusammen, um als Vertreter<\/em>innen aus Wissenschaft und Praxis Unterrichtsmaterialien zu interaktiven Zeugnissen zu diskutieren und weiterzuentwickeln. Dabei wurden auch erste Ergebnisse der quantitativen Erhebungen an Schulen in Bayern und NRW vorgestellt.<\/div>\n<\/div>\n\n\n\n<div class=\"wp-block-greenshift-blocks-container gspb_container gspb_container-gsbp-dd233afe-7067\" id=\"gspb_container-id-gsbp-dd233afe-7067\">\n<div id=\"gspb_text-id-gsbp-7d16dd2a-7bc2\" class=\"gspb_text gspb_text-id-gsbp-7d16dd2a-7bc2 \"><strong>Vom 12. bis 17.07.2022: Forschungsreise nach London &amp; Laxton<\/strong><\/div>\n\n\n\n<div id=\"gspb_text-id-gsbp-ef1f92fa-69f2\" class=\"gspb_text gspb_text-id-gsbp-ef1f92fa-69f2 \">Im Rahmen einer Forschungsreise nach England sprachen Prof. Dr. Anja Ballis, Prof. Dr. Markus Gloe und Ernst H\u00fcttl mit den Holocaust-\u00dcberlebenden Anita Lasker-Wallfisch, Agnes Kaposi und Martin Stern sowie mit Mitarbeiter*innen des Beth Shalom National Holocaust Centre and Museums in Laxton, des Jewish Museums in London sowie des Imperial War Museums in London. Die Begegnungen und Gespr\u00e4che hinterlie\u00dfen zahlreiche Eindr\u00fccke und Impulse, die weiterhin nachwirken. Thank you for the hospitality!<\/div>\n<\/div>\n<\/div>\n<span class=\"gs-tgl-trigger\" style=\"text-align:center;position:absolute;z-index:2;bottom:0;left:0;width:100%;color:#000000\"><span class=\"gs-tgl-show\" tabindex=\"0\" role=\"button\" aria-label=\"mehr anzeigen\" aria-controls=\"gs-togglergsbp-c5b179d7-3c3c\" style=\"display:block\">mehr anzeigen<\/span><span class=\"gs-tgl-hide\" tabindex=\"0\" role=\"button\" aria-label=\"ausblenden\" aria-controls=\"gs-togglergsbp-c5b179d7-3c3c\" style=\"display:none\">ausblenden<\/span><\/span><span class=\"gs-tgl-grad\" style=\"background-image:linear-gradient(to bottom,rgba(255,255,255,0) 0,#F6F6F6 100%);display:block;position:absolute;height:100px;bottom:0;left:0;z-index:1;width:100%\"><\/span><\/div><\/div>\n<\/div>\n<\/div>\n\n\n\n<div class=\"wp-block-greenshift-blocks-container gspb_container gspb_container-gsbp-ad37a447-4626\" id=\"gspb_container-id-gsbp-ad37a447-4626\">\n<div class=\"wp-block-greenshift-blocks-container gspb_container gspb_container-gsbp-cd9c5b72-d99e\" id=\"gspb_container-id-gsbp-cd9c5b72-d99e\">\n<div id=\"gspb_text-id-gsbp-729d8592-30fe\" class=\"gspb_text gspb_text-id-gsbp-729d8592-30fe \"><strong>Presse- und Medienspiegel<\/strong><\/div>\n\n\n\n<div class=\"wp-block-greenshift-blocks-toggler gs-contenttoggler gspb_toggle-id-gsbp-43dc9413-f17d\" data-height=\"0px\"><div class=\"gs-toggler-wrapper\" id=\"gs-togglergsbp-43dc9413-f17d\" style=\"height:0px\">\n<ul class=\"wp-block-list\">\n<li>Das Schwerpunktthema des Jahresberichts 2021 der Stiftung nieders\u00e4chsische Gedenkst\u00e4tten lautet &#8220;Digitale Zug\u00e4nge in der Gedenkst\u00e4ttenarbeit \u2013 thematisch und organisatorisch&#8221;. Besonders digitale Zeugnisse werden im Bericht kritisch diskutiert.<\/li>\n\n\n\n<li>&#8220;<a href=\"https:\/\/docupedia.de\/zg\/Jong_zeitzeuge_v1_de_2022\">Zeitzeugin\/Zeitzeuge<\/a>&#8220;: Steffi de Jong erl\u00e4utert f\u00fcr Docupedia-Zeitgeschichte das Konzept des Zeitzeugen und nimmt dabei auch auf LediZ Bezug.<\/li>\n\n\n\n<li>&#8220;<a href=\"https:\/\/www.sueddeutsche.de\/muenchen\/muenchen-residenztheater-erinnerungskultur-zeitzeugen-shoah-1.5594824\">Erinnern an die Shoah, auch ohne Zeitzeugen<\/a>&#8220;: Bernd Kastner berichtet f\u00fcr die S\u00fcddeutsche Zeitung \u00fcber die Veranstaltung &#8220;Wider das Vergessen&#8221; aus der Diskussionsreihe &#8220;M\u00fcnchen redet&#8221;. Die stellvertretende SZ-Chefredakteurin Alexandra F\u00f6derl-Schmid sprach mit der Auschwitz-\u00dcberlebenden Dr. Eva Umlauf, dem Direktor des J\u00fcdischen Museums Hohenems Dr. Hanno Loewy, dem Schriftsteller und Historiker Doron Rabinovici, sowie Deborah Hartmann, Leiterin der Gedenk- und Bildungsst\u00e4tte Haus der Wannsee-Konferenz, \u00fcber die Erinnerungskultur der Zukunft. Auch \u00fcber das Projekt LediZ wurde dabei diskutiert.<\/li>\n\n\n\n<li>Der MDR berichtet \u00fcber eine \u00f6ffentliche Veranstaltung im Augustinersaal in Neustadt an der Orla, bei der Interessierte Fragen an das digitale Zeugnis von Abba Naor richten konnten. Die Berichterstattung kann in der Mediathek <a href=\"https:\/\/www.mdr.de\/video\/mdr-videos\/f\/video-625096.html\">angesehen<\/a> (ab Minute 7:39) bzw. <a href=\"https:\/\/www.mdr.de\/nachrichten\/thueringen\/ost-thueringen\/saale-orla\/holocaust-ueberlebender-interview-virtuell-102.html\">nachgelesen<\/a> werden.<\/li>\n\n\n\n<li>Die vom Bayerischen Staatsministerium f\u00fcr Digitales gef\u00f6rderte Initiative XR HUB Bavaria befasst sich mit XR-Technologien und ihren verschiedenen Anwendungen. <a href=\"https:\/\/xrhub-bavaria.de\/fuenf-fragen-an-ernst-huettl-abba-naor-lernen-mit-digitalen-zeugnissen-lediz-lmu-muenchen\/\">Im Interview<\/a> mit Ernst H\u00fcttl stellt XR HUB Bavaria die im Projekt LediZ entwickelte VR-Umgebung &#8220;Abbas Hub&#8221; vor, die die Lebensgeschichte von Abba Naor erz\u00e4hlt.<\/li>\n\n\n\n<li>&#8220;<a href=\"https:\/\/www.allgaeuer-zeitung.de\/allgaeu\/kempten\/holocaust-ueberlebender-abba-naor-besucht-kempten-es-liegt-an-euch-kinder_arid-400126\">Es liegt an Euch, Kinder!<\/a>&#8220;: Kerstin Futschik berichtet f\u00fcr die Allg\u00e4uer Zeitung \u00fcber Abba Naors Besuch am Carl-von-Linde-Gymnasium und geht dabei auch auf sein digitales Zeugnis ein, das dort vier Wochen zuvor pr\u00e4sentiert wurde.<\/li>\n\n\n\n<li>Unter dem Titel &#8220;<a href=\"https:\/\/www.allg\u00e4u.tv\/mediathek\/video\/geschichte-erleben-forschungsprojekt-an-kemptener-gymnasium\/\">Geschichte erleben \u2013 Forschungsprojekt an Kemptener Gymnasium<\/a>&#8221; berichtet Laetitia Weihele f\u00fcr den Lokalfernsehsender allg\u00e4u.tv \u00fcber die Pr\u00e4sentation von Abba Naors digitalem Zeugnis an einem Kemptener Gymnasium.<\/li>\n\n\n\n<li>&#8220;<a href=\"https:\/\/www.allgaeuer-zeitung.de\/allgaeu\/kempten\/holocaust-%C3%BCberlebender-ein-hologramm-erz%C3%A4hlt-gymnasiasten-in-kempten-seine-geschichte_arid-382882\">Holocaust-\u00dcberlebender: Ein Hologramm erz\u00e4hlt Gymnasiasten in Kempten seine Geschichte<\/a>&#8220;: Kerstin Futschik berichtet f\u00fcr die Allg\u00e4uer Zeitung \u00fcber die Pr\u00e4sentation von Abba Naors digitalem Zeugnis an Allg\u00e4uer Gymnasien.<\/li>\n\n\n\n<li>Die Novemberausgabe 2021 des \u00f6sterreichischen Magazins &#8220;DATUM &#8211; Seiten der Zeit&#8221; widmet sich dem Thema &#8220;J\u00fcdisch leben heute&#8221;. Emilia Garbusch berichtet in der Reportage <a href=\"https:\/\/datum.at\/zeit-ohne-zeugen\/\">Zeit ohne Zeugen<\/a> \u00fcber das Projekt LediZ und weitere neue Formen der Erinnerungskultur.<\/li>\n\n\n\n<li>&#8220;<a href=\"https:\/\/www.deutschlandfunkkultur.de\/3d-zeugnis-einer-holocaust-ueberlebenden-antworten-aus-dem-100.html\">Antworten aus dem Jenseits<\/a>&#8220;: Ernst-Ludwig von Aster berichtet am 27.10.2021 f\u00fcr Deutschlandfunk Kultur \u00fcber das interaktive digitale 3D-Zeugnis von Zilli Schmidt.<\/li>\n\n\n\n<li>Die DW-Sendung &#8220;Shift&#8221; befasst sich jede Woche mit einem Thema aus dem Bereich der digitalen Welt. In der Sondersendung &#8220;Shift-Spezial: Holocaust&#8221; vom 01.10.2021 geht es um die Frage, wie sich die Erinnerung an den Holocaust mit digitalen Technologien wach halten l\u00e4sst. Auch das Projekt LediZ wird vorgestellt. Die ganze Sendung ist <a href=\"https:\/\/p.dw.com\/p\/418Gq\">auf Deutsch<\/a> und <a href=\"https:\/\/p.dw.com\/p\/419Fk\">auf Englisch<\/a> verf\u00fcgbar.<\/li>\n\n\n\n<li>Christina B\u00f6ltl spricht f\u00fcr den M\u00fcnchner Radiosender M94.5 mit Ernst H\u00fcttl \u00fcber aktuelle und zuk\u00fcnftige Entwicklungen im Projekt LediZ.<\/li>\n\n\n\n<li>Kira Gantner setzt sich f\u00fcr das NDR-Medienmagazin ZAPP mit verschiedenen Projekten zur Erinnerung an den Holocaust auseinander, darunter auch LediZ (Folge <a href=\"https:\/\/www.youtube.com\/watch?v=k5ycAR3xSj8\">Sophie Scholl: Social Media gegen das Vergessen<\/a>, ab Minute 11:53).<\/li>\n\n\n\n<li>&#8220;<a href=\"https:\/\/www.dw.com\/ru\/1000-voprosov-svidetelju-holokosta\/a-58043483\">1000 Fragen an einen Zeitzeugen des Holocaust<\/a>&#8220;: Marina Borisowa berichtet f\u00fcr die Deutsche Welle \u00fcber das Projekt (russisch).<\/li>\n\n\n\n<li><a href=\"https:\/\/play.google.com\/store\/apps\/details?id=com.fabulapp.weisserose&amp;hl=de&amp;gl=US\">Wei\u00dfe Rose App<\/a> in der ARD-alpha-Reihe &#8220;RESPEKT &#8211; Demokratie einfach erkl\u00e4rt&#8221; (Folge <a href=\"https:\/\/www.br.de\/mediathek\/video\/respekt-demokratie-einfach-erklaert-mut-und-moral-was-wir-von-sophie-scholl-lernen-koennen-av:605c3b513e0f24001af08096\">Mut und Moral \u2013 Was wir von Sophie Scholl lernen k\u00f6nnen<\/a>)<\/li>\n\n\n\n<li>Koku Musebeni berichtet auf dem Instagram-Kanal <a href=\"https:\/\/www.instagram.com\/p\/CLc0mOSHArU\/\">Workin&#8217; Germany<\/a> des Bayerischen Rundfunks \u00fcber das Projekt.<\/li>\n\n\n\n<li>Im <a href=\"https:\/\/www.ardaudiothek.de\/der-tagesschau-zukunfts-podcast-mal-angenommen\/keine-holocaust-zeitzeugen-mehr-was-dann\/85606038\">Podcast der Tagesschau<\/a> kommen Abba Naor und sein digitales Konterfei zur Sprache. Zudem berichten Sophie von der Tann und Marcel Heberlein im Artikel <a href=\"https:\/\/www.tagesschau.de\/inland\/holocaust-gedenken-117.html\">Holocaust-Gedenken: Weshalb Zeitzeugen so wichtig sind<\/a> \u00fcber das Projekt.<\/li>\n\n\n\n<li>Die Holocaust-\u00dcberlebende Eva Umlauf \u00e4u\u00dfert sich im Artikel &#8220;<a href=\"https:\/\/www.nytimes.com\/2021\/01\/08\/world\/europe\/us-capitol-rampage-camp-auschwitz.html?smtyp=cur&amp;smid=tw-nytimes\">Amid the Rampage at the U.S. Capitol, a Sweatshirt Stirs Troubling Memories<\/a>&#8221; in der New York Times zu den Ausschreitungen in Washington, D.C.<\/li>\n\n\n\n<li>In der ersten Folge des <a href=\"https:\/\/nomennominandumdotblog.wordpress.com\/nn-podcast\/\">Podcasts der Zeitschrift Nomen Nominandum<\/a> der Studierenden des Historischen Seminars an der LMU M\u00fcnchen wird Steffen Jost, damaliger Leiter der Bildungsabteilung der KZ-Gedenkst\u00e4tte Dachau, zu Bildungsarbeit in Zeiten der Digitalisierung befragt. Ab Minute 40:25 wird auch das Projekt LediZ diskutiert.<\/li>\n\n\n\n<li>Die ZDFinfo Dokumentation &#8220;<a href=\"https:\/\/www.zdf.de\/dokumentation\/zdfinfo-doku\/die-deutschen-und-der-holocaust-schluss-mit-schlussstrich-102.html\">Die Deutschen und der Holocaust &#8211; Schluss mit Schlussstrich?<\/a>&#8221; setzt sich mit Gegenwart und Zukunft der deutschen Erinnerungskultur auseinander und stellt dabei auch das Projekt LediZ vor. Zudem berichtet Andrea Sch\u00e4ffler im ZDFinfo-Artikel &#8220;<a href=\"https:\/\/www.zdf.de\/nachrichten\/politik\/holocaust-umfrage-ns-zeit-100.html\">Ein Viertel will Abschluss mit NS-Zeit<\/a>&#8221; \u00fcber das Projekt.<\/li>\n\n\n\n<li>&#8220;Das Ende der Zeitzeugen&#8221;: Chefredakteur Michael Husarek berichtet in den N\u00fcrnberger Nachrichten vom 28.\/29.11.2020 \u00fcber LediZ.<\/li>\n\n\n\n<li>&#8220;<a href=\"https:\/\/www.lediz.uni-muenchen.de\/aktuelles\/faz.pdf\">Remix der Erinnerung<\/a>&#8220;: Die Frankfurter Allgemeine Zeitung diskutiert neue Formen des Gedenkens wie interaktive digitale Zeugnisse.<\/li>\n\n\n\n<li>&#8220;<a href=\"https:\/\/www.lrz.de\/wir\/newsletter\/2020-11\/2020-11.pdf\">Vergangenheit (be)greifbar machen<\/a>&#8220;: Ein Beitrag \u00fcber das Projekt im LRZ-Newsletter 11\/2020.<\/li>\n\n\n\n<li>Benjamin Markthaler berichtet im November 2020 f\u00fcr den M\u00fcnchner Radiosender M94.5 \u00fcber die Pr\u00e4sentation von LediZ an der KZ-Gedenkst\u00e4tte Dachau.<\/li>\n\n\n\n<li>In ihrer Ausgabe vom 12.10.2020 berichtet die S\u00fcddeutsche Zeitung \u00fcber die Lebensgeschichte Eva Umlaufs und dem Transfer als &#8220;<a href=\"https:\/\/www.sueddeutsche.de\/muenchen\/dachau\/holocaust-ueberlebende-hologramm-1.5063836\">Digitales Zeugnis Holocaust-\u00dcberlebender<\/a>&#8221; durch das Projekt LediZ.<\/li>\n\n\n\n<li>&#8220;<a href=\"https:\/\/www.sueddeutsche.de\/muenchen\/muenchen-holocaust-ueberlebende-hologramme-1.5053354\">\u00dcber den Tod hinaus ber\u00fchren<\/a>&#8221; &#8211; so betitelt die S\u00fcddeutsche Zeitung ihren Bericht vom 05.10.2020 \u00fcber die wertvolle und wirkungsvolle Auseinandersetzung Studierender mit dem interaktiven 3D-Zeugnis Abba Naors.<\/li>\n\n\n\n<li>Ein Beitrag \u00fcber LediZ in der Wissenssendung &#8220;<a href=\"https:\/\/www.3sat.de\/wissen\/nano\/200818-zeitzeugen-nano-104.html\">nano<\/a>&#8220;.<\/li>\n\n\n\n<li>Eine Zusammenfassung des Runden Tisches in der Online-Zeitschrift der KZ-Gedenkst\u00e4tte Auschwitz. &#8220;<a href=\"https:\/\/view.joomag.com\/memoria-en-nr-35-08-2020clone\/0579154001598468742\">How, Not If: Remembrance in a Digital Era<\/a>&#8221; in: Memoria &#8211; Memory, History, Education. (Nr. 35, 08\/2020) S. 24-26.<\/li>\n\n\n\n<li>&#8220;<a href=\"https:\/\/www.goethe.de\/prj\/one\/de\/net\/exi.html\" target=\"_blank\" rel=\"noreferrer noopener\">Retweeten und Erinnern: Der digitale Umgang mit dem Holocaust<\/a>&#8221; Ernst H\u00fcttl im Gespr\u00e4ch mit dem Goethe Institut.<\/li>\n\n\n\n<li>Eine Meldung \u00fcber das Projekt LediZ in: AkademieAktuell. Zeitschrift der Bayerischen Akademie der Wissenschaften. (Nr. 1 \/ 2020), S. 7.<\/li>\n\n\n\n<li>25.04.2020 &#8220;Gegen das Vergessen: 3-D Visualisierung von Holocaust-\u00dcberlebenden&#8221;. Das Projekt LediZ wird im <a href=\"https:\/\/www.mzl.uni-muenchen.de\/mzl\/newsletter\/pdf\/newsletter-17.pdf\" target=\"_blank\" rel=\"noreferrer noopener\">Newsletter 17<\/a> des M\u00fcnchner Zentrum f\u00fcr Lehrerbildung (MZL) pr\u00e4sentiert.<\/li>\n\n\n\n<li>13.03.2020 Beitrag von Daniel Kolb auf <a href=\"https:\/\/xrhub-bavaria.de\/lediz\/\" target=\"_blank\" rel=\"noreferrer noopener\">XR HUB Bavaria<\/a>.<\/li>\n\n\n\n<li>08.02.2020 M\u00fcnchnerUni Magazin. Zeitschrift der Ludwig-Maximilians-Universit\u00e4t M\u00fcnchen (Nr. 1 \/ 2020), S. 16-18.<\/li>\n\n\n\n<li>23.01.2020 Die S\u00fcddeutsche Zeitung berichtet \u00fcber die <a href=\"https:\/\/www.sueddeutsche.de\/muenchen\/nationalsozialismus-holocaust-zeitzeugen-erinnerungen-1.4769245\" target=\"_blank\" rel=\"noreferrer noopener\">feierliche Er\u00f6ffnung von LediZ<\/a> und gew\u00e4hrt einen gelungenen Einblick in das Forschungsvorhaben.<\/li>\n\n\n\n<li>22.01.2020 Das LRZ berichtet unter der \u00dcberschrift &#8220;<a href=\"https:\/\/www.lrz.de\/presse\/ereignisse\/2020-01-22_LediZ\/\">Magische Momente f\u00fcr den Unterricht<\/a>&#8221; von der Er\u00f6ffnung von LediZ. Ebenso auf LinkedIn auf <a href=\"https:\/\/www.linkedin.com\/posts\/leibniz-rechenzentrum-der-bayerischen-akademie-der-wissenschaften_die-zeugnisse-von-holocaust-%C3%BCberlebenden-activity-6625782089214230529-pHkA\">Deutsch <\/a>und <a href=\"https:\/\/www.linkedin.com\/posts\/leibniz-supercomputing-centre_die-zeugnisse-von-holocaust-%C3%BCberlebenden-activity-6625780877517553664-1AcT\">Englisch<\/a>.<\/li>\n\n\n\n<li>22.01.2020 auf der Startseite der LMU M\u00fcnchen ein <a href=\"https:\/\/www.uni-muenchen.de\/aktuelles\/news\/2020\/zeitzeugen.html\">Beitrag <\/a>zur Er\u00f6ffnung von LediZ.<\/li>\n<\/ul>\n<span class=\"gs-tgl-trigger\" style=\"text-align:center;position:absolute;z-index:2;bottom:0;left:0;width:100%;color:#000000\"><span class=\"gs-tgl-show\" tabindex=\"0\" role=\"button\" aria-label=\"mehr anzeigen\" aria-controls=\"gs-togglergsbp-43dc9413-f17d\" style=\"display:block\">mehr anzeigen<\/span><span class=\"gs-tgl-hide\" tabindex=\"0\" role=\"button\" aria-label=\"ausblenden\" aria-controls=\"gs-togglergsbp-43dc9413-f17d\" style=\"display:none\">ausblenden<\/span><\/span><span class=\"gs-tgl-grad\" style=\"background-image:linear-gradient(to bottom,rgba(255,255,255,0) 0,#F6F6F6 100%);display:block;position:absolute;height:100px;bottom:0;left:0;z-index:1;width:100%\"><\/span><\/div><\/div>\n<\/div>\n<\/div>\n\n\n\n<div class=\"wp-block-greenshift-blocks-container gspb_container gspb_container-gsbp-ec740e8d-3b7e\" id=\"gspb_container-id-gsbp-ec740e8d-3b7e\">\n<div class=\"wp-block-greenshift-blocks-container gspb_container gspb_container-gsbp-4992c1da-04cf\" id=\"gspb_container-id-gsbp-4992c1da-04cf\">\n<div id=\"gspb_text-id-gsbp-713bcadb-f3e8\" class=\"gspb_text gspb_text-id-gsbp-713bcadb-f3e8 \"><strong>Sonstiges<\/strong><\/div>\n\n\n\n<div class=\"wp-block-greenshift-blocks-toggler gs-contenttoggler gspb_toggle-id-gsbp-1e7c302c-a8b3\" data-height=\"0px\"><div class=\"gs-toggler-wrapper\" id=\"gs-togglergsbp-1e7c302c-a8b3\" style=\"height:0px\">\n<p><\/p>\n<span class=\"gs-tgl-trigger\" style=\"text-align:center;position:absolute;z-index:2;bottom:0;left:0;width:100%;color:#000000\"><span class=\"gs-tgl-show\" tabindex=\"0\" role=\"button\" aria-label=\"mehr anzeigen\" aria-controls=\"gs-togglergsbp-1e7c302c-a8b3\" style=\"display:block\">mehr anzeigen<\/span><span class=\"gs-tgl-hide\" tabindex=\"0\" role=\"button\" aria-label=\"ausblenden\" aria-controls=\"gs-togglergsbp-1e7c302c-a8b3\" style=\"display:none\">ausblenden<\/span><\/span><span class=\"gs-tgl-grad\" style=\"background-image:linear-gradient(to bottom,rgba(255,255,255,0) 0,#F6F6F6 100%);display:block;position:absolute;height:100px;bottom:0;left:0;z-index:1;width:100%\"><\/span><\/div><\/div>\n<\/div>\n<\/div>\n<\/div>\n<\/div>\n<\/div>\n","protected":false},"excerpt":{"rendered":"","protected":false},"author":4,"featured_media":0,"parent":0,"menu_order":0,"comment_status":"closed","ping_status":"closed","template":"wp-custom-template-ledi-z-en","meta":{"_editorskit_title_hidden":false,"_editorskit_reading_time":0,"_editorskit_is_block_options_detached":false,"_editorskit_block_options_position":"{}","_gspb_post_css":".gspb_text-id-gsbp-713bcadb-f3e8,.gspb_text-id-gsbp-729d8592-30fe,.gspb_text-id-gsbp-afeb4fa3-327a,.gspb_text-id-gsbp-f68579d9-482f{margin-bottom:10px!important}#gspb_row-id-gsbp-4c337391-68d2{justify-content:space-between;display:flex;column-gap:18px;flex-wrap:nowrap}#gspb_row-id-gsbp-4c337391-68d2>.gspb_row__content{display:flex;justify-content:space-between;margin:0 auto;width:100%;flex-wrap:wrap}.gspb_row{position:relative}div[id^=gspb_col-id]{padding:15px min(3vw,20px);box-sizing:border-box;position:relative}@media (max-width:991.98px){#gspb_row-id-gsbp-4c337391-68d2{row-gap:18px;column-gap:18px;flex-wrap:wrap}}@media (max-width:767.98px){#gspb_row-id-gsbp-4c337391-68d2{row-gap:15px;flex-wrap:wrap}}@media (max-width:575.98px){#gspb_row-id-gsbp-4c337391-68d2{row-gap:15px;flex-wrap:wrap}}#gspb_row-id-gsbp-4c337391-68d2{align-content:flex-start;margin:1%}@media (max-width:575.98px){#gspb_row-id-gsbp-4c337391-68d2{margin-top:5%;margin-bottom:5%;padding-top:5px;padding-bottom:5px}}#gspb_col-id-gsbp-f7ab2e64-55d5.gspb_row__col--12{width:calc(100% - 15px)}@media (max-width:991.98px){#gspb_col-id-gsbp-f7ab2e64-55d5.gspb_row__col--12{width:100%}}@media (max-width:767.98px){#gspb_col-id-gsbp-f7ab2e64-55d5.gspb_row__col--12{width:100%}}@media (max-width:575.98px){#gspb_col-id-gsbp-f7ab2e64-55d5.gspb_row__col--12{width:100%}}body #gspb_col-id-gsbp-f7ab2e64-55d5.gspb_row__col--12{display:grid;grid-template-columns:repeat(1,minmax(0,1fr));row-gap:15px}.gspb_container-id-gsbp-93fefa00-d20a{flex-direction:column;box-sizing:border-box}#gspb_container-id-gsbp-08640a78-5657.gspb_container>p:last-of-type,#gspb_container-id-gsbp-13eb2142-1443.gspb_container>p:last-of-type,#gspb_container-id-gsbp-25828cba-8ec4.gspb_container>p:last-of-type,#gspb_container-id-gsbp-4992c1da-04cf.gspb_container>p:last-of-type,#gspb_container-id-gsbp-93fefa00-d20a.gspb_container>p:last-of-type,#gspb_container-id-gsbp-ad37a447-4626.gspb_container>p:last-of-type,#gspb_container-id-gsbp-c3b4ad0c-f81a.gspb_container>p:last-of-type,#gspb_container-id-gsbp-cd9c5b72-d99e.gspb_container>p:last-of-type,#gspb_container-id-gsbp-dd233afe-7067.gspb_container>p:last-of-type,#gspb_container-id-gsbp-ec740e8d-3b7e.gspb_container>p:last-of-type,#gspb_container-id-gsbp-f395b432-8014.gspb_container>p:last-of-type,.gs-toggler-wrapper p:last-of-type{margin-bottom:0}#gspb_container-id-gsbp-93fefa00-d20a.gspb_container,#gspb_container-id-gsbp-93fefa00-d20a.gspb_container>.gspb_backgroundOverlay{border-top-left-radius:12px;border-top-right-radius:12px;border-bottom-right-radius:12px;border-bottom-left-radius:12px}#gspb_container-id-gsbp-93fefa00-d20a.gspb_container{background-color:var(--wp--preset--color--background, #ffffff)}.gspb_container-id-gsbp-08640a78-5657,.gspb_container-id-gsbp-c3b4ad0c-f81a{flex-direction:column;box-sizing:border-box}#gspb_container-id-gsbp-c3b4ad0c-f81a.gspb_container{padding:15px}#gspb_container-id-gsbp-08640a78-5657.gspb_container,#gspb_container-id-gsbp-08640a78-5657.gspb_container>.gspb_backgroundOverlay{border-top-left-radius:12px;border-top-right-radius:12px;border-bottom-right-radius:12px;border-bottom-left-radius:12px}#gspb_container-id-gsbp-08640a78-5657.gspb_container{background-color:var(--wp--preset--color--background, #ffffff)}#gspb_container-id-gsbp-13eb2142-1443.gspb_container{padding:15px}#gspb_container-id-gsbp-f395b432-8014.gspb_container{display:grid;grid-template-columns:repeat(1,minmax(0,1fr));row-gap:15px}.gspb_container-id-gsbp-13eb2142-1443,.gspb_container-id-gsbp-25828cba-8ec4,.gspb_container-id-gsbp-ad37a447-4626,.gspb_container-id-gsbp-dd233afe-7067,.gspb_container-id-gsbp-f395b432-8014{flex-direction:column;box-sizing:border-box}#gspb_container-id-gsbp-ad37a447-4626.gspb_container,#gspb_container-id-gsbp-ad37a447-4626.gspb_container>.gspb_backgroundOverlay{border-top-left-radius:12px;border-top-right-radius:12px;border-bottom-right-radius:12px;border-bottom-left-radius:12px}#gspb_container-id-gsbp-ad37a447-4626.gspb_container{background-color:var(--wp--preset--color--background, #ffffff)}#gspb_container-id-gsbp-cd9c5b72-d99e.gspb_container{padding:15px}#gspb_container-id-gsbp-ec740e8d-3b7e.gspb_container,#gspb_container-id-gsbp-ec740e8d-3b7e.gspb_container>.gspb_backgroundOverlay{border-top-left-radius:12px;border-top-right-radius:12px;border-bottom-right-radius:12px;border-bottom-left-radius:12px}#gspb_container-id-gsbp-ec740e8d-3b7e.gspb_container{background-color:var(--wp--preset--color--background, #ffffff)}.gspb_container-id-gsbp-4992c1da-04cf,.gspb_container-id-gsbp-cd9c5b72-d99e,.gspb_container-id-gsbp-ec740e8d-3b7e{flex-direction:column;box-sizing:border-box}.gspb_container{position:relative}#gspb_container-id-gsbp-4992c1da-04cf.gspb_container{padding:15px}.gs-toggler-open{height:auto!important}.gs-toggler-open .gs-tgl-grad,.gs-toggler-open .gs-tgl-show{display:none!important}.gs-toggler-open .gs-tgl-hide{display:block!important}.gs-tgl-hide,.gs-tgl-show{cursor:pointer}.gs-contenttoggler *{box-sizing:border-box!important}.gs-toggler-wrapper{overflow:hidden;transition:all .5s ease;padding-bottom:35px;margin-bottom:30px;box-sizing:content-box!important;position:relative}","footnotes":""},"class_list":["post-2843","page","type-page","status-publish","hentry"],"_links":{"self":[{"href":"http:\/\/www.edu.lediz.lmu.de\/wordpress\/wp-json\/wp\/v2\/pages\/2843","targetHints":{"allow":["GET"]}}],"collection":[{"href":"http:\/\/www.edu.lediz.lmu.de\/wordpress\/wp-json\/wp\/v2\/pages"}],"about":[{"href":"http:\/\/www.edu.lediz.lmu.de\/wordpress\/wp-json\/wp\/v2\/types\/page"}],"author":[{"embeddable":true,"href":"http:\/\/www.edu.lediz.lmu.de\/wordpress\/wp-json\/wp\/v2\/users\/4"}],"replies":[{"embeddable":true,"href":"http:\/\/www.edu.lediz.lmu.de\/wordpress\/wp-json\/wp\/v2\/comments?post=2843"}],"version-history":[{"count":1,"href":"http:\/\/www.edu.lediz.lmu.de\/wordpress\/wp-json\/wp\/v2\/pages\/2843\/revisions"}],"predecessor-version":[{"id":2844,"href":"http:\/\/www.edu.lediz.lmu.de\/wordpress\/wp-json\/wp\/v2\/pages\/2843\/revisions\/2844"}],"wp:attachment":[{"href":"http:\/\/www.edu.lediz.lmu.de\/wordpress\/wp-json\/wp\/v2\/media?parent=2843"}],"curies":[{"name":"wp","href":"https:\/\/api.w.org\/{rel}","templated":true}]}}